{"id":4681,"date":"2021-03-09T11:55:46","date_gmt":"2021-03-09T10:55:46","guid":{"rendered":"https:\/\/cadiz.salesianos.edu\/colegio\/?page_id=4681"},"modified":"2026-04-09T18:40:30","modified_gmt":"2026-04-09T16:40:30","slug":"infantil","status":"publish","type":"page","link":"https:\/\/cadiz.salesianos.edu\/colegio\/infantil\/","title":{"rendered":"infantil"},"content":{"rendered":"<p>[et_pb_section fb_built=\u00bb1&#8243; fullwidth=\u00bbon\u00bb _builder_version=\u00bb4.16&#8243; global_colors_info=\u00bb{}\u00bb][et_pb_fullwidth_header title=\u00bbINFANTIL\u00bb title_font_color=\u00bb#ffffff\u00bb module_class=\u00bbpagina-imagen-cabecera\u00bb _builder_version=\u00bb4.16&#8243; title_text_color=\u00bb#ffffff\u00bb title_font_size=\u00bb40px\u00bb background_color=\u00bbrgba(255,255,255,0)\u00bb background_image=\u00bbhttp:\/\/cadiz.salesianos.edu\/colegio\/wp-content\/uploads\/sites\/11\/2020\/12\/Fondo-Jornadas-de-Puertas-Abiertas-2020-min-scaled-1.jpg\u00bb background_url=\u00bbhttp:\/\/cadiz.salesianos.edu\/colegio\/wp-content\/uploads\/sites\/11\/2021\/03\/Captura-de-pantalla-2017-03-21-a-las-17.25.56.png\u00bb global_colors_info=\u00bb{}\u00bb button_one_text_size__hover_enabled=\u00bboff\u00bb button_two_text_size__hover_enabled=\u00bboff\u00bb button_one_text_color__hover_enabled=\u00bboff\u00bb button_two_text_color__hover_enabled=\u00bboff\u00bb button_one_border_width__hover_enabled=\u00bboff\u00bb button_two_border_width__hover_enabled=\u00bboff\u00bb button_one_border_color__hover_enabled=\u00bboff\u00bb button_two_border_color__hover_enabled=\u00bboff\u00bb button_one_border_radius__hover_enabled=\u00bboff\u00bb button_two_border_radius__hover_enabled=\u00bboff\u00bb button_one_letter_spacing__hover_enabled=\u00bboff\u00bb button_two_letter_spacing__hover_enabled=\u00bboff\u00bb button_one_bg_color__hover_enabled=\u00bboff\u00bb button_two_bg_color__hover_enabled=\u00bboff\u00bb][\/et_pb_fullwidth_header][\/et_pb_section][et_pb_section fb_built=\u00bb1&#8243; _builder_version=\u00bb4.16&#8243; custom_padding=\u00bb0px||0px|||\u00bb locked=\u00bboff\u00bb global_colors_info=\u00bb{}\u00bb][et_pb_row _builder_version=\u00bb4.16&#8243; _module_preset=\u00bbdefault\u00bb global_colors_info=\u00bb{}\u00bb][et_pb_column type=\u00bb4_4&#8243; _builder_version=\u00bb4.16&#8243; _module_preset=\u00bbdefault\u00bb global_colors_info=\u00bb{}\u00bb][et_pb_button button_url=\u00bbhttps:\/\/cadiz.salesianos.edu\/colegio\/matriculavirtual\/\u00bb button_text=\u00bbInscripci\u00f3n-matriculaci\u00f3n\u00bb button_alignment=\u00bbcenter\u00bb _builder_version=\u00bb4.19.5&#8243; _module_preset=\u00bbdefault\u00bb custom_button=\u00bbon\u00bb button_text_color=\u00bb#FFFFFF\u00bb button_bg_color=\u00bb#E02B20&#8243; button_border_radius=\u00bb100px\u00bb button_font=\u00bb|700|||||||\u00bb button_icon=\u00bb&#x45;||divi||400&#8243; button_icon_placement=\u00bbleft\u00bb box_shadow_style=\u00bbpreset1&#8243; locked=\u00bboff\u00bb global_colors_info=\u00bb{}\u00bb][\/et_pb_button][\/et_pb_column][\/et_pb_row][\/et_pb_section][et_pb_section fb_built=\u00bb1&#8243; module_class=\u00bbpagina-seccion-contenido\u00bb _builder_version=\u00bb4.16&#8243; custom_padding=\u00bb0%|||\u00bb global_colors_info=\u00bb{}\u00bb][et_pb_row column_structure=\u00bb2_3,1_3&#8243; module_class=\u00bbpagina-texto\u00bb _builder_version=\u00bb4.16&#8243; background_size=\u00bbinitial\u00bb background_position=\u00bbtop_left\u00bb background_repeat=\u00bbrepeat\u00bb custom_margin=\u00bb25px|||\u00bb custom_padding=\u00bb25px|||\u00bb global_colors_info=\u00bb{}\u00bb][et_pb_column type=\u00bb2_3&#8243; _builder_version=\u00bb4.16&#8243; custom_padding=\u00bb|||\u00bb global_colors_info=\u00bb{}\u00bb custom_padding__hover=\u00bb|||\u00bb][et_pb_text _builder_version=\u00bb4.16&#8243; background_size=\u00bbinitial\u00bb background_position=\u00bbtop_left\u00bb background_repeat=\u00bbrepeat\u00bb global_colors_info=\u00bb{}\u00bb]<\/p>\n<h1>Infantil<\/h1>\n<p>[\/et_pb_text][et_pb_text _builder_version=\u00bb4.16&#8243; global_colors_info=\u00bb{}\u00bb]<\/p>\n<p>Nuestro centro acoge el segundo ciclo de Educaci\u00f3n Infantil. Es una etapa concertada que consta de seis aulas distribuidas en tres cursos con dos l\u00edneas de tres, cuatro y cinco a\u00f1os.<\/p>\n<p>Esta etapa es muy importante para el crecimiento de los ni\u00f1os y ni\u00f1as en sus primeros a\u00f1os de vida y sobre todo para su futuro emocional, afectivo, cognitivo y emocional. En nuestro colegio los profesores y profesoras les ayudamos a desarrollar todas sus potencialidades desde un enfoque globalizador.<\/p>\n<p>El ni\u00f1o y la ni\u00f1a es el protagonista de su propio aprendizaje siempre respetando el ritmo madurativo de cada uno.<\/p>\n<p>Para conseguir nuestros objetivos apostamos por metodolog\u00edas activas:<\/p>\n<ul>\n<li>Aprendizajes basados en proyectos<\/li>\n<li>M\u00e9todo ABN<\/li>\n<li>Educaci\u00f3n emocional<\/li>\n<li>Trabajo por rincones<\/li>\n<\/ul>\n<p>Estamos al d\u00eda en el uso de las nuevas herramientas did\u00e1cticas basadas en las nuevas tecnolog\u00edas de la informaci\u00f3n: Google Classroom, Google Meet, etc.<\/p>\n<p>Con todo esto queremos que la educaci\u00f3n de la persona no solo sea a nivel cognitivo sino en toda su globalidad, atendiendo en todo momento a la diversidad de nuestro alumnado. En este sentido contamos con un aula de apoyo a la integraci\u00f3n y logopeda.<\/p>\n<p>[\/et_pb_text][et_pb_text _builder_version=\u00bb4.16&#8243; custom_margin=\u00bb30px||5px|\u00bb global_colors_info=\u00bb{}\u00bb]<\/p>\n<h2>\u00bfC\u00f3mo ayudamos a nuestro alumnado a conseguirlo?<\/h2>\n<p>[\/et_pb_text][et_pb_text _builder_version=\u00bb4.16&#8243; global_colors_info=\u00bb{}\u00bb]<\/p>\n<ul>\n<li><strong>Utilizamos metodolog\u00edas activas <\/strong>como el aprendizaje cooperativo o el aprendizaje por proyectos.<\/li>\n<li><strong>Promovemos actividades que van <\/strong><strong>de lo acad\u00e9mico a lo personal y humano<\/strong>. Intercambios ling\u00fc\u00edsticos, salidas culturales, campa\u00f1as solidarias y voluntariado son algunas de las actividades en las que participan los alumnos durante el curso.<\/li>\n<li><strong>Respetamos la individualidad del alumno, <\/strong>desarrollando sus capacidades y su potencial en base a sus caracter\u00edsticas particulares.<\/li>\n<li><strong>Fomentamos la convivencia positiva.<\/strong><\/li>\n<li><strong>Favorecemos el pensamiento cr\u00edtico y la reflexi\u00f3n. Buscamos el crecimiento personal del alumno.<\/strong><\/li>\n<\/ul>\n<p>[\/et_pb_text][et_pb_text _builder_version=\u00bb4.16&#8243; custom_margin=\u00bb||5px|\u00bb global_colors_info=\u00bb{}\u00bb]<\/p>\n<h2>\u00bfQu\u00e9 nos diferencia de otras propuestas educativas?<\/h2>\n<p>[\/et_pb_text][et_pb_text _builder_version=\u00bb4.16&#8243; global_colors_info=\u00bb{}\u00bb]<\/p>\n<p>Nuestra propuesta educativa se basa en el\u00a0<a href=\"https:\/\/alicante.salesianos.edu\/colegio\/sistema-preventivo\/\">Sistema Preventivo<\/a>\u00a0de nuestro fundador\u00a0<strong>Don Bosco<\/strong>. Nuestra m\u00e1xima es formar\u00a0<em>\u201cHonrados ciudadanos y buenos cristianos\u201d<\/em> a trav\u00e9s de una pedagog\u00eda del coraz\u00f3n. Como docentes, vemos al alumno, pero tambi\u00e9n a la persona. Y buscamos un desarrollo integral de la misma.<\/p>\n<p>[\/et_pb_text][\/et_pb_column][et_pb_column type=\u00bb1_3&#8243; _builder_version=\u00bb4.16&#8243; custom_padding=\u00bb|||\u00bb global_colors_info=\u00bb{}\u00bb custom_padding__hover=\u00bb|||\u00bb][et_pb_text module_class=\u00bbpagina-texto-light\u00bb _builder_version=\u00bb4.16&#8243; text_font=\u00bbLato|300|||||||\u00bb text_text_color=\u00bb#dc001b\u00bb text_font_size=\u00bb28px\u00bb custom_margin=\u00bb||35px|\u00bb global_colors_info=\u00bb{}\u00bb] Te ofrecemos&#8230; [\/et_pb_text][et_pb_button button_url=\u00bbhttp:\/\/qualitasescuelafamilia.com\u00bb button_text=\u00bbPlataforma Qe\u00bb _builder_version=\u00bb4.16&#8243; custom_button=\u00bbon\u00bb button_text_color=\u00bb#ffffff\u00bb button_bg_color=\u00bb#dc001b\u00bb button_border_width=\u00bb0px\u00bb button_border_radius=\u00bb6px\u00bb button_font=\u00bb||||||||\u00bb global_colors_info=\u00bb{}\u00bb button_text_size__hover_enabled=\u00bboff\u00bb button_one_text_size__hover_enabled=\u00bboff\u00bb button_two_text_size__hover_enabled=\u00bboff\u00bb button_text_color__hover_enabled=\u00bboff\u00bb button_one_text_color__hover_enabled=\u00bboff\u00bb button_two_text_color__hover_enabled=\u00bboff\u00bb button_border_width__hover_enabled=\u00bboff\u00bb button_one_border_width__hover_enabled=\u00bboff\u00bb button_two_border_width__hover_enabled=\u00bboff\u00bb button_border_color__hover_enabled=\u00bboff\u00bb button_one_border_color__hover_enabled=\u00bboff\u00bb button_two_border_color__hover_enabled=\u00bboff\u00bb button_border_radius__hover_enabled=\u00bboff\u00bb button_one_border_radius__hover_enabled=\u00bboff\u00bb button_two_border_radius__hover_enabled=\u00bboff\u00bb button_letter_spacing__hover_enabled=\u00bboff\u00bb button_one_letter_spacing__hover_enabled=\u00bboff\u00bb button_two_letter_spacing__hover_enabled=\u00bboff\u00bb button_bg_color__hover_enabled=\u00bboff\u00bb button_one_bg_color__hover_enabled=\u00bboff\u00bb button_two_bg_color__hover_enabled=\u00bboff\u00bb][\/et_pb_button][et_pb_button button_url=\u00bbhttps:\/\/cadiz.salesianos.edu\/colegio\/comedor1\/\u00bb button_text=\u00bbServicio de comedor\u00bb _builder_version=\u00bb4.16&#8243; custom_button=\u00bbon\u00bb button_text_color=\u00bb#ffffff\u00bb button_bg_color=\u00bb#dc001b\u00bb button_border_width=\u00bb0px\u00bb button_border_radius=\u00bb6px\u00bb button_font=\u00bb||||||||\u00bb global_colors_info=\u00bb{}\u00bb button_text_size__hover_enabled=\u00bboff\u00bb button_one_text_size__hover_enabled=\u00bboff\u00bb button_two_text_size__hover_enabled=\u00bboff\u00bb button_text_color__hover_enabled=\u00bboff\u00bb button_one_text_color__hover_enabled=\u00bboff\u00bb button_two_text_color__hover_enabled=\u00bboff\u00bb button_border_width__hover_enabled=\u00bboff\u00bb button_one_border_width__hover_enabled=\u00bboff\u00bb button_two_border_width__hover_enabled=\u00bboff\u00bb button_border_color__hover_enabled=\u00bboff\u00bb button_one_border_color__hover_enabled=\u00bboff\u00bb button_two_border_color__hover_enabled=\u00bboff\u00bb button_border_radius__hover_enabled=\u00bboff\u00bb button_one_border_radius__hover_enabled=\u00bboff\u00bb button_two_border_radius__hover_enabled=\u00bboff\u00bb button_letter_spacing__hover_enabled=\u00bboff\u00bb button_one_letter_spacing__hover_enabled=\u00bboff\u00bb button_two_letter_spacing__hover_enabled=\u00bboff\u00bb button_bg_color__hover_enabled=\u00bboff\u00bb button_one_bg_color__hover_enabled=\u00bboff\u00bb button_two_bg_color__hover_enabled=\u00bboff\u00bb][\/et_pb_button][et_pb_button button_url=\u00bbhttps:\/\/cadiz.salesianos.edu\/colegio\/seguroescolar\/\u00bb button_text=\u00bbSeguro escolar\u00bb _builder_version=\u00bb4.16&#8243; custom_button=\u00bbon\u00bb button_text_color=\u00bb#ffffff\u00bb button_bg_color=\u00bb#dc001b\u00bb button_border_width=\u00bb0px\u00bb button_border_radius=\u00bb6px\u00bb button_font=\u00bb||||||||\u00bb global_colors_info=\u00bb{}\u00bb button_text_size__hover_enabled=\u00bboff\u00bb button_one_text_size__hover_enabled=\u00bboff\u00bb button_two_text_size__hover_enabled=\u00bboff\u00bb button_text_color__hover_enabled=\u00bboff\u00bb button_one_text_color__hover_enabled=\u00bboff\u00bb button_two_text_color__hover_enabled=\u00bboff\u00bb button_border_width__hover_enabled=\u00bboff\u00bb button_one_border_width__hover_enabled=\u00bboff\u00bb button_two_border_width__hover_enabled=\u00bboff\u00bb button_border_color__hover_enabled=\u00bboff\u00bb button_one_border_color__hover_enabled=\u00bboff\u00bb button_two_border_color__hover_enabled=\u00bboff\u00bb button_border_radius__hover_enabled=\u00bboff\u00bb button_one_border_radius__hover_enabled=\u00bboff\u00bb button_two_border_radius__hover_enabled=\u00bboff\u00bb button_letter_spacing__hover_enabled=\u00bboff\u00bb button_one_letter_spacing__hover_enabled=\u00bboff\u00bb button_two_letter_spacing__hover_enabled=\u00bboff\u00bb button_bg_color__hover_enabled=\u00bboff\u00bb button_one_bg_color__hover_enabled=\u00bboff\u00bb button_two_bg_color__hover_enabled=\u00bboff\u00bb][\/et_pb_button][et_pb_button button_url=\u00bbhttps:\/\/cadiz.salesianos.edu\/colegio\/salud\/\u00bb button_text=\u00bbDepartamento de Salud\u00bb _builder_version=\u00bb4.16&#8243; custom_button=\u00bbon\u00bb button_text_color=\u00bb#ffffff\u00bb button_bg_color=\u00bb#dc001b\u00bb button_border_width=\u00bb0px\u00bb button_border_radius=\u00bb6px\u00bb button_font=\u00bb||||||||\u00bb global_colors_info=\u00bb{}\u00bb button_text_size__hover_enabled=\u00bboff\u00bb button_one_text_size__hover_enabled=\u00bboff\u00bb button_two_text_size__hover_enabled=\u00bboff\u00bb button_text_color__hover_enabled=\u00bboff\u00bb button_one_text_color__hover_enabled=\u00bboff\u00bb button_two_text_color__hover_enabled=\u00bboff\u00bb button_border_width__hover_enabled=\u00bboff\u00bb button_one_border_width__hover_enabled=\u00bboff\u00bb button_two_border_width__hover_enabled=\u00bboff\u00bb button_border_color__hover_enabled=\u00bboff\u00bb button_one_border_color__hover_enabled=\u00bboff\u00bb button_two_border_color__hover_enabled=\u00bboff\u00bb button_border_radius__hover_enabled=\u00bboff\u00bb button_one_border_radius__hover_enabled=\u00bboff\u00bb button_two_border_radius__hover_enabled=\u00bboff\u00bb button_letter_spacing__hover_enabled=\u00bboff\u00bb button_one_letter_spacing__hover_enabled=\u00bboff\u00bb button_two_letter_spacing__hover_enabled=\u00bboff\u00bb button_bg_color__hover_enabled=\u00bboff\u00bb button_one_bg_color__hover_enabled=\u00bboff\u00bb button_two_bg_color__hover_enabled=\u00bboff\u00bb][\/et_pb_button][et_pb_button button_url=\u00bbhttps:\/\/cadiz.salesianos.edu\/colegio\/orientacion\/\u00bb button_text=\u00bbDepartamento de Orientaci\u00f3n\u00bb _builder_version=\u00bb4.16&#8243; custom_button=\u00bbon\u00bb button_text_color=\u00bb#ffffff\u00bb button_bg_color=\u00bb#dc001b\u00bb button_border_width=\u00bb0px\u00bb button_border_radius=\u00bb6px\u00bb button_font=\u00bb||||||||\u00bb global_colors_info=\u00bb{}\u00bb button_text_size__hover_enabled=\u00bboff\u00bb button_one_text_size__hover_enabled=\u00bboff\u00bb button_two_text_size__hover_enabled=\u00bboff\u00bb button_text_color__hover_enabled=\u00bboff\u00bb button_one_text_color__hover_enabled=\u00bboff\u00bb button_two_text_color__hover_enabled=\u00bboff\u00bb button_border_width__hover_enabled=\u00bboff\u00bb button_one_border_width__hover_enabled=\u00bboff\u00bb button_two_border_width__hover_enabled=\u00bboff\u00bb button_border_color__hover_enabled=\u00bboff\u00bb button_one_border_color__hover_enabled=\u00bboff\u00bb button_two_border_color__hover_enabled=\u00bboff\u00bb button_border_radius__hover_enabled=\u00bboff\u00bb button_one_border_radius__hover_enabled=\u00bboff\u00bb button_two_border_radius__hover_enabled=\u00bboff\u00bb button_letter_spacing__hover_enabled=\u00bboff\u00bb button_one_letter_spacing__hover_enabled=\u00bboff\u00bb button_two_letter_spacing__hover_enabled=\u00bboff\u00bb button_bg_color__hover_enabled=\u00bboff\u00bb button_one_bg_color__hover_enabled=\u00bboff\u00bb button_two_bg_color__hover_enabled=\u00bboff\u00bb][\/et_pb_button][et_pb_blurb title=\u00bbCalendario escolar\u00bb url=\u00bbhttps:\/\/secretariavirtual.juntadeandalucia.es\/secretariavirtual\/consulta\/calendario-escolar\/mostrar\/\u00bb use_icon=\u00bbon\u00bb font_icon=\u00bb&#xe025;||divi||400&#8243; icon_placement=\u00bbleft\u00bb image_icon_width=\u00bb46px\u00bb _builder_version=\u00bb4.27.4&#8243; header_font_size=\u00bb24px\u00bb body_line_height=\u00bb1.3em\u00bb custom_margin=\u00bb20px|||\u00bb custom_padding=\u00bb20px|||\u00bb animation_style=\u00bbslide\u00bb animation_direction=\u00bbright\u00bb animation_duration=\u00bb900ms\u00bb animation=\u00bboff\u00bb icon_font_size=\u00bb46px\u00bb global_colors_info=\u00bb{}\u00bb]<\/p>\n<p>Consulta el calendario escolar del curso.<\/p>\n<p>[\/et_pb_blurb][et_pb_text module_class=\u00bbpagina-texto-light\u00bb _builder_version=\u00bb4.16&#8243; text_font=\u00bbLato|300|||||||\u00bb text_text_color=\u00bb#dc001b\u00bb text_font_size=\u00bb28px\u00bb custom_margin=\u00bb40px||20px|\u00bb global_colors_info=\u00bb{}\u00bb] Echa un vistazo&#8230; [\/et_pb_text][\/et_pb_column][\/et_pb_row][et_pb_row _builder_version=\u00bb4.16&#8243; global_colors_info=\u00bb{}\u00bb][et_pb_column type=\u00bb4_4&#8243; _builder_version=\u00bb4.16&#8243; custom_padding=\u00bb|||\u00bb global_colors_info=\u00bb{}\u00bb custom_padding__hover=\u00bb|||\u00bb][et_pb_text module_class=\u00bbpagina-texto-light\u00bb _builder_version=\u00bb4.16&#8243; text_font=\u00bbLato|300|||||||\u00bb text_text_color=\u00bb#dc001b\u00bb text_font_size=\u00bb29px\u00bb custom_margin=\u00bb||25px|\u00bb global_colors_info=\u00bb{}\u00bb] Para saber m\u00e1s sobre&#8230; [\/et_pb_text][et_pb_tabs _builder_version=\u00bb4.16&#8243; global_colors_info=\u00bb{}\u00bb][et_pb_tab title=\u00bbPluriling\u00fcismo\u00bb _builder_version=\u00bb4.16&#8243; global_colors_info=\u00bb{}\u00bb]<\/p>\n<h2 style=\"text-align: justify;\">\u00bfC\u00f3mo trabajamos el pluriling\u00fcismo?<\/h2>\n<p>Al iniciar el estudio de una lengua extranjera a una edad tan temprana, de los tres a los cinco a\u00f1os, se pretende que la adquisici\u00f3n de la lengua inglesa se realice de una manera l\u00fadica y estimulante que prepare al ni\u00f1o para el proceso continuado del aprendizaje del idioma, junto con la adquisici\u00f3n del castellano como lengua materna, por lo que ambos idiomas se dan la mano en el d\u00eda a d\u00eda de nuestra Casa.<\/p>\n<p>Por todo ello, desde nuestro equipo apostamos por unos recursos que representan nuestra visi\u00f3n metodol\u00f3gica en los procesos de ense\u00f1anza-aprendizaje de la lengua extranjera y que se basan en la propuesta de la editorial Oxford\u00a0 y del M\u00e9todo Jolly Phonics \u201csynthetic phonics\u201d, ense\u00f1ando los sonidos de manera multisensorial, divertida y atractiva.<\/p>\n<p>Adem\u00e1s, de contar con la presencia de la auxiliar de conversaci\u00f3n nativa en sesiones en las que se enriquece tanto la faceta comunicativa como la cultural<\/p>\n<p>&nbsp;<\/p>\n<p>[\/et_pb_tab][et_pb_tab title=\u00bbOrganizaci\u00f3n\u00bb _builder_version=\u00bb4.16&#8243; global_colors_info=\u00bb{}\u00bb]<\/p>\n<h2 style=\"text-align: justify;\">\u00bfQui\u00e9nes formamos el equipo de INFANTIL y c\u00f3mo nos organizamos?<\/h2>\n<ul>\n<li>El equipo de Educaci\u00f3n Infantil est\u00e1 formado por 6 tutoras (uno por cada aula), una auxiliar, una profesora de ingl\u00e9s, una auxiliar ling\u00fc\u00edstica en las clases de ingl\u00e9s nativa y una enfermera escolar.<\/li>\n<li>Para la organizaci\u00f3n y coordinaci\u00f3n de la etapa contamos con una coordinadora de la etapa de Infantil, una Subdirectora Pedag\u00f3gica y un Jefe de Estudios, adem\u00e1s de un coordinado\/a de Pastoral, Biling\u00fcismo e Innovaci\u00f3n.<\/li>\n<\/ul>\n<p>[\/et_pb_tab][et_pb_tab title=\u00bbInstalaciones\u00bb _builder_version=\u00bb4.16&#8243; global_colors_info=\u00bb{}\u00bb]<\/p>\n<h2 style=\"text-align: justify;\">\u00bfCon qu\u00e9 instalaciones contamos?<\/h2>\n<p>Nuestra Casa Salesiana acoge el\u00a0<strong>2\u00ba ciclo de Educaci\u00f3n Infantil<\/strong>. Es una\u00a0<strong>etapa concertada<\/strong>\u00a0que consta de\u00a06<strong> aulas<\/strong>\u00a0distribuidas en 3 cursos con\u00a02<strong> l\u00edneas de 3, 4 y 5 a\u00f1os<\/strong>.<\/p>\n<p>Nuestra etapa de infantil se encuentra situada en la planta baja del edifico de Educaci\u00f3n Primaria, cuenta con ba\u00f1os exclusivos para nuestros ni\u00f1os y ni\u00f1as,\u00a06 aulas equipadas con ca\u00f1\u00f3n y pantalla proyectora, situadas en un pasillo totalmente reformado y de gran amplitud que tambi\u00e9n se usa como espacio educativo para diferentes actividades, una sala de\u00a0Psicomotricidad,\u00a0un amplio patio de juegos exclusivo para dicha etapa de infantil con parque de juegos y huerto escolar. Adem\u00e1s, nuestros alumnos y alumnas de esta etapa tambi\u00e9n utilizan\u00a0otras instalaciones que comparten con el resto del colegio: teatro, iglesia, cafeter\u00eda, comedor, biblioteca y pistas deportivas de f\u00fatbol sala, baloncesto, voleibol\u2026contamos adem\u00e1s con un pabell\u00f3n cubierto, pistas de atletismo, aula de m\u00fasica totalmente equipada, laboratorio, sala de inform\u00e1tica, etc.<\/p>\n<p>Nuestro deseo, motivaci\u00f3n e ilusi\u00f3n es\u00a0<strong>educar a la persona en su globalidad<\/strong>\u00a0y no solo en el aspecto cognitivo, atendiendo en todo momento a la\u00a0<strong>diversidad<\/strong>\u00a0de nuestro alumnado. En este sentido contamos con un\u00a0<strong>aula de apoyo a la integraci\u00f3n<\/strong>\u00a0y\u00a0<strong>logopeda<\/strong><strong>, as\u00ed como una auxiliar ling\u00fc\u00edstica y una auxiliar para atender a nuestros alumnos y alumnas.<\/strong><\/p>\n<p>En resumen, en nuestra casa, todas y todos los profesionales que formamos el equipo de infantil, creemos firmemente que esta primera etapa de las vidas de nuestros ni\u00f1os y ni\u00f1as es una etapa maravillosa, feliz y m\u00e1gica, pero tambi\u00e9n decisiva y fundamental en el futuro desarrollo global de la personalidad y madurez de nuestros y nuestras protagonistas.<\/p>\n<p>&nbsp;<\/p>\n<p>Equipo de\u00a0 Educaci\u00f3n Infantil.<\/p>\n<p>&nbsp;<\/p>\n<p>[\/et_pb_tab][et_pb_tab title=\u00bbFamilias\u00bb _builder_version=\u00bb4.16&#8243; global_colors_info=\u00bb{}\u00bb]<\/p>\n<h2 style=\"text-align: justify;\">\u00bfC\u00f3mo es la relaci\u00f3n con la familias y el entorno?<\/h2>\n<p>Somos un colegio abierto a la comunidad, tanto a las familias como a nuestro entorno social e instituciones.<\/p>\n<p>A lo largo del curso, tenemos cuatro reuniones con las familias en grupo: una a principio de curso y una en cada una de las evaluaciones trimestrales. Los tutores est\u00e1n a disposici\u00f3n de las familias para poder atenderlas cada vez que lo solicitan en entrevistas individuales.<\/p>\n<p>La plataforma Qualitas Educativa (Qe) es un instrumento \u00e1gil, r\u00e1pido y efectivo que permite la comunicaci\u00f3n directa con las familias, y tambi\u00e9n a est\u00e1s conocer las incidencias que suceden en el centro escolar a diario.<\/p>\n<p>Tambi\u00e9n, usamos la plataforma Google Classroom, para poder dar a conocer a las familias algunas de las actividades que realizamos en el colegio, mandar tarea de refuerzo (en caso de que sea necesario)&#8230;<\/p>\n<p>Apostamos por las nuevas tecnolog\u00edas. Contamos con pantallas t\u00e1ctiles, trabajamos con instrumentos motivadores como genially&#8230;<\/p>\n<p>Para nosotros, la colaboraci\u00f3n de las familias es imprescindible por lo que promovemos y animamos actividades en las que pod\u00e1is participar de forma directa o indirecta en el aula.<\/p>\n<p>Para ello, a lo largo del curso escolar se proponen varios talleres y fiestas en donde los padres est\u00e1n invitados a participar, como por ejemplo la fiesta de Don Bosco, talleres seg\u00fan el proyecto que se est\u00e9 trabajando, pasacalles de carnaval , etc.<\/p>\n<p>&nbsp;<\/p>\n<p>[\/et_pb_tab][et_pb_tab title=\u00bbPastoral\u00bb _builder_version=\u00bb4.16&#8243; global_colors_info=\u00bb{}\u00bb]<\/p>\n<h2 style=\"text-align: justify;\">PASTORAL<\/h2>\n<p>\u00a0En la etapa de Educaci\u00f3n Infantil comenzamos la bonita tarea de acompa\u00f1ar al alumnado en la fe.\u00a0 Iniciando un proceso que podemos llamar \u201cDespertar Religioso\u201d en el que nuestros ni\u00f1os y ni\u00f1as van experimentando y desarrollando su relaci\u00f3n con Dios.<\/p>\n<p>Se presentan diferentes campa\u00f1as y actividades, todas ellas adaptadas a sus edades, donde pueden ir conociendo y acerc\u00e1ndose a la figura de Jes\u00fas y Mar\u00eda o a personas tan influyentes e importantes para nosotros en nuestra casa como son San Juan Bosco y Santo Domingo Savio.<\/p>\n<p>Las maestras y maestros de Educaci\u00f3n Infantil se convierten en referente para nuestros peque\u00f1os y peque\u00f1as, que junto con el equipo de pastoral escolar se encargan de ense\u00f1arles a saludar a la Virgen Mar\u00eda cada ma\u00f1ana, a ense\u00f1arles cantando y lo m\u00e1s importante a ense\u00f1arles desde esta primera etapa educativa a ser \u201cbuenos cristianos y honrados ciudadanos\u201d como dec\u00eda el mismo Don Bosco.<\/p>\n<p>&nbsp;<\/p>\n<p>[\/et_pb_tab][\/et_pb_tabs][\/et_pb_column][\/et_pb_row][et_pb_row admin_label=\u00bbPREGUNTAS FRECUNTES\u00bb _builder_version=\u00bb4.16&#8243; custom_margin=\u00bb0px|||\u00bb custom_padding=\u00bb0px|0px|23.96875px|0px\u00bb global_colors_info=\u00bb{}\u00bb][et_pb_column type=\u00bb4_4&#8243; _builder_version=\u00bb4.16&#8243; custom_padding=\u00bb|||\u00bb global_colors_info=\u00bb{}\u00bb custom_padding__hover=\u00bb|||\u00bb][et_pb_text _builder_version=\u00bb4.16&#8243; text_font=\u00bb||||||||\u00bb text_font_size=\u00bb21px\u00bb header_font=\u00bb||||\u00bb header_font_size=\u00bb44px\u00bb background_color=\u00bb#dc001b\u00bb background_layout=\u00bbdark\u00bb custom_margin=\u00bb25px|||\u00bb custom_padding=\u00bb20px||10px|20px\u00bb global_colors_info=\u00bb{}\u00bb]<\/p>\n<h2>PREGUNTAS FRECUENTES<\/h2>\n<p>[\/et_pb_text][et_pb_accordion _builder_version=\u00bb4.16&#8243; toggle_text_color=\u00bb#dc001b\u00bb toggle_font=\u00bb||||\u00bb toggle_font_size=\u00bb17px\u00bb border_width_all=\u00bb0px\u00bb border_color_all=\u00bb#e5e5e5&#8243; border_style_all=\u00bbsolid\u00bb use_border_color=\u00bbon\u00bb border_color=\u00bb#e5e5e5&#8243; border_width=\u00bb0px\u00bb global_colors_info=\u00bb{}\u00bb][et_pb_accordion_item title=\u00bb\u00bfCu\u00e1l es el horario y accesos de entradas y salidas?\u00bb open=\u00bbon\u00bb _builder_version=\u00bb4.16&#8243; global_colors_info=\u00bb{}\u00bb]<\/p>\n<p>Este a\u00f1o, debido a la situaci\u00f3n sanitaria actual, las entradas y salidas de todo el alumnado del centro es escalonada y por diferentes accesos:<\/p>\n<p>3 a\u00f1os: Entrada y salida por secretar\u00eda.<\/p>\n<p>4 a\u00f1os: Entrada y salida por puerta mec\u00e1nica junto a secretar\u00eda.<\/p>\n<p>5 a\u00f1os: Entrada y salida por la iglesia.<\/p>\n<p>El horario de entrada est\u00e1 fijado a las 09:10h y el horario de salida a las 14:10h.<\/p>\n<p>[\/et_pb_accordion_item][et_pb_accordion_item title=\u00bb\u00bfQu\u00e9 puede llevar mi hijo\/a para desayunar?\u00bb _builder_version=\u00bb4.16&#8243; global_colors_info=\u00bb{}\u00bb open=\u00bboff\u00bb]<\/p>\n<p>Desde el centro educativo se les hace una propuesta a las familias para los desayunos de los ni\u00f1os y ni\u00f1as:<\/p>\n<p>Lunes: Bocadillo.<\/p>\n<p>Martes: Yogurt y galletas.<\/p>\n<p>Mi\u00e9rcoles: Fruta.<\/p>\n<p>Jueves: Queso y zumo.<\/p>\n<p>Viernes: Libre.<\/p>\n<p>[\/et_pb_accordion_item][et_pb_accordion_item title=\u00bb\u00bfQu\u00e9 pasa si llego tarde o me retraso?\u00bb _builder_version=\u00bb4.16&#8243; global_colors_info=\u00bb{}\u00bb open=\u00bboff\u00bb]<\/p>\n<p>Si el alumno o alumna no llega a su hora de entrada establecida, deber\u00e1 esperar hasta las 09:30h que se volver\u00e1 a abrir la puerta de secretar\u00eda para poder unirse a su clase correspondiente.<\/p>\n<p>[\/et_pb_accordion_item][et_pb_accordion_item title=\u00bb\u00bfPuedo dejar a mi hijo\/a en el colegio antes de las 9 h. o recogerlo despu\u00e9s de las 17 h.?\u00bb _builder_version=\u00bb4.16&#8243; global_colors_info=\u00bb{}\u00bb open=\u00bboff\u00bb]<\/p>\n<p><strong>S\u00ed.<\/strong>\u00a0Contamos con un\u00a0<strong>servicio de atenci\u00f3n matinal<\/strong> donde los ni\u00f1os\/as estar\u00e1n atendidos por una monitora\u00a0<strong>de 7:30 a\u00a08:55 h.<\/strong>, momento en el cual ser\u00e1n llevados a su aula correspondiente. En el caso de que las familias lo necesiten, tambi\u00e9n tenemos servicio de comedor escolar de <strong>14:00 a 16:00h<\/strong> prolong\u00e1ndose en caso necesario hasta las <strong>17:00<\/strong> si asiste a una actividad extraescolar que ofrezca el colegio. Los mismos monitores del comedor se encargar\u00e1n de llevar al ni\u00f1o\/a a dicha actividad.<\/p>\n<p>[\/et_pb_accordion_item][et_pb_accordion_item title=\u00bb\u00bfPuedo llevar a mi hijo\/a al m\u00e9dico en horario escolar?\u00bb _builder_version=\u00bb4.16&#8243; global_colors_info=\u00bb{}\u00bb open=\u00bboff\u00bb]<\/p>\n<p><strong>S\u00ed<\/strong>, se podr\u00e1 entrar y salir para ir al m\u00e9dico en el horario escolar,\u00a0<strong>previo aviso al tutor\/a<\/strong>.<\/p>\n<p>[\/et_pb_accordion_item][et_pb_accordion_item title=\u00bb\u00bfPuedo participar en las actividades del colegio?\u00bb _builder_version=\u00bb4.16&#8243; global_colors_info=\u00bb{}\u00bb open=\u00bboff\u00bb]<\/p>\n<p><strong>S\u00ed.<\/strong>\u00a0A lo largo del curso escolar se proponen muchos\u00a0<strong>talleres y fiestas<\/strong>\u00a0en donde\u00a0<strong>los padres est\u00e1n invitados a participar<\/strong>, como por ejemplo la fiesta de Don Bosco, actividades de proyectos, huerto escolar\u2026<\/p>\n<p>Para nosotros,\u00a0<strong>la colaboraci\u00f3n de las familias es imprescindible<\/strong>\u00a0por lo que promovemos y animamos actividades en las que pod\u00e1is participar de forma directa o indirecta en el aula.<\/p>\n<p>[\/et_pb_accordion_item][et_pb_accordion_item title=\u00bb\u00bfLlevan uniforme? \u00bfD\u00f3nde se compra?\u00bb _builder_version=\u00bb4.16&#8243; global_colors_info=\u00bb{}\u00bb open=\u00bboff\u00bb]<\/p>\n<p>Adem\u00e1s del <strong>babi<\/strong>, es obligatorio tanto el <strong>uniforme<\/strong> como la <strong>equipaci\u00f3n deportiva<\/strong> del colegio. Ambas\u00a0<strong>se compran en <\/strong><strong>El Corte Ingl\u00e9s<\/strong>. El uniforme consta de <strong>jersey, polo, y<\/strong> <strong>pantal\u00f3n \u00f3 falda, calcetines o leotardos azul marino y zapatos colegiales azules. <\/strong>La equipaci\u00f3n deportiva consta de una <strong>camiseta<\/strong>, un <strong>ch\u00e1ndal<\/strong> para invierno y <strong>pantal\u00f3n corto<\/strong> para verano, y <strong>deportivas<\/strong> blancas o azul marino. Esta equipaci\u00f3n, adem\u00e1s de utilizarla los d\u00edas que tengan <strong>psicomotricidad, <\/strong>se usar\u00e1 a <strong>principios<\/strong> y a <strong>finales<\/strong> de curso como uniforme \u00fanico cuando apriete la calor. Es decir, cuando comience el curso todos los alumnos de infantil vendr\u00e1n al colegio con la equipaci\u00f3n deportiva de verano (pantal\u00f3n corto y camiseta)todos los d\u00edas haya o no haya psicomotricidad hasta que avisemos que traigan el uniforme y el babi.<a href=\"https:\/\/cadiz.salesianos.edu\/colegio\/uniformes\/\" target=\"_blank\" rel=\"noopener\"><\/a><\/p>\n<p>[\/et_pb_accordion_item][et_pb_accordion_item title=\u00bbCon marca salesiana.\u00bb _builder_version=\u00bb4.16&#8243; global_colors_info=\u00bb{}\u00bb open=\u00bboff\u00bb]<\/p>\n<p>El <strong>uniforme y la equipaci\u00f3n deportivo escolar<\/strong> se ha renovado, adapt\u00e1ndose a la <strong>nueva imagen institucional<\/strong> que siguen todos los colegios de nuestra inspector\u00eda salesiana. Este nuevo uniforme es de <strong>calidad superior<\/strong>, con <strong>materiales y confecci\u00f3n nacional<\/strong> y comercializado por El Corte Ingl\u00e9s. Se est\u00e1 implementando poco a poco en todos los colegios salesianos de Espa\u00f1a.<\/p>\n<p>Adem\u00e1s, en la etapa de <a href=\"https:\/\/cadiz.salesianos.edu\/colegio\/infantil\" target=\"_blank\" rel=\"noopener\">Infantil<\/a>\u00a0tambi\u00e9n es <strong>obligatorio el babi<\/strong>. Y como complemento, os ofrecemos un polar y una sudadera de nuestra marca que podr\u00e9is adquirir de manera totalmente voluntaria.<u>\ue015<\/u><\/p>\n<p>[\/et_pb_accordion_item][et_pb_accordion_item title=\u00bb\u00bfQu\u00e9 actividades extraescolares y deportivas ofrece el centro?\u00bb _builder_version=\u00bb4.16&#8243; _module_preset=\u00bbdefault\u00bb global_colors_info=\u00bb{}\u00bb open=\u00bboff\u00bb]<\/p>\n<p>En nuestro centro ofrecemos una amplia variedad de <a href=\"https:\/\/cadiz.salesianos.edu\/colegio\/extraescolares\/\" target=\"_blank\" rel=\"noopener\"><strong>actividades extraescolares<\/strong><\/a>.<\/p>\n<p>Bas\u00e1ndonos en el texto marco de la propuesta pedag\u00f3gica salesiana, las <strong>actividades extraescolares<\/strong>, en sinton\u00eda con el car\u00e1cter propio del centro, son dise\u00f1adas y organizadas para contribuir al desarrollo integral de los alumnos. Es una propuesta pedag\u00f3gica que ofrece m\u00faltiples valores:<\/p>\n<ul>\n<li>Capacidad de esfuerzo.<\/li>\n<li>H\u00e1bitos de vida saludable.<\/li>\n<li>Calidad de vida.<\/li>\n<li>Sentido de equipo.<\/li>\n<li>Coherencia.<\/li>\n<li>Procesos de socializaci\u00f3n y amistad.<\/li>\n<li>Respeto a las normas establecidas.<\/li>\n<\/ul>\n<p>Por estas razones, el <u>Colegio \u201cSan Ignacio\u201d<\/u> ofrece esta serie<strong> de actividades extraescolares<\/strong> para su alumnos y alumnas.<\/p>\n<p>. El <a href=\"a\"><strong>Club Deportivo<\/strong><\/a><strong><u> Don Bosco<\/u><\/strong> que ofrece <strong>actividades deportivas a partir de 3 a\u00f1os<\/strong>.<\/p>\n<p>. <a href=\"a\"><strong><u>Academia de Idiomas UP <\/u><\/strong><\/a>para que nuestros alumnos y alumnas puedan seguir\u00a0 ampliando su formaci\u00f3n.<\/p>\n<p>. Clases de baile <a href=\"https:\/\/cadiz.salesianos.edu\/valdocco\/\" target=\"_blank\" rel=\"noopener\"><strong><u>flamenco y ballet<\/u><\/strong><\/a> para que nuestros peque\u00f1os artistas desarrollen todas sus capacidades al m\u00e1ximo.<\/p>\n<p>. Clases de <a href=\"a\"><strong><u>judo<\/u><\/strong><\/a> en la que nuestros alumnos y alumnas aprenden a conocerse a s\u00ed mismos y a dominar su cuerpo.<\/p>\n<p>[\/et_pb_accordion_item][et_pb_accordion_item title=\u00bb\u00bfD\u00f3nde puedo comprar los libros y cu\u00e1les son?\u00bb _builder_version=\u00bb4.16&#8243; _module_preset=\u00bbdefault\u00bb global_colors_info=\u00bb{}\u00bb open=\u00bboff\u00bb]<\/p>\n<p>Los libros de Educaci\u00f3n infantil pueden reservarse en nuestro colegio a la hora de realizar la matriculaci\u00f3n.<\/p>\n<p>[\/et_pb_accordion_item][\/et_pb_accordion][\/et_pb_column][\/et_pb_row][\/et_pb_section]<\/p>\n","protected":false},"excerpt":{"rendered":"<p>InfantilNuestro centro acoge el segundo ciclo de Educaci\u00f3n Infantil. Es una etapa concertada que consta de seis aulas distribuidas en tres cursos con dos l\u00edneas de tres, cuatro y cinco a\u00f1os. Esta etapa es muy importante para el crecimiento de los ni\u00f1os y ni\u00f1as en sus primeros a\u00f1os de vida y sobre todo para su [&hellip;]<\/p>\n","protected":false},"author":5,"featured_media":0,"parent":0,"menu_order":0,"comment_status":"closed","ping_status":"closed","template":"","meta":{"_et_pb_use_builder":"on","_et_pb_old_content":"","_et_gb_content_width":"","footnotes":""},"class_list":["post-4681","page","type-page","status-publish","hentry"],"yoast_head":"<!-- This site is optimized with the Yoast SEO plugin v28.3 - https:\/\/yoast.com\/product\/yoast-seo-wordpress\/ -->\n<title>infantil - Colegio<\/title>\n<meta name=\"robots\" content=\"index, follow, max-snippet:-1, max-image-preview:large, max-video-preview:-1\" \/>\n<link rel=\"canonical\" href=\"https:\/\/cadiz.salesianos.edu\/colegio\/infantil\/\" \/>\n<meta property=\"og:locale\" content=\"es_ES\" \/>\n<meta property=\"og:type\" content=\"article\" \/>\n<meta property=\"og:title\" content=\"infantil - Colegio\" \/>\n<meta property=\"og:description\" content=\"InfantilNuestro centro acoge el segundo ciclo de Educaci\u00f3n Infantil. Es una etapa concertada que consta de seis aulas distribuidas en tres cursos con dos l\u00edneas de tres, cuatro y cinco a\u00f1os. Esta etapa es muy importante para el crecimiento de los ni\u00f1os y ni\u00f1as en sus primeros a\u00f1os de vida y sobre todo para su [&hellip;]\" \/>\n<meta property=\"og:url\" content=\"https:\/\/cadiz.salesianos.edu\/colegio\/infantil\/\" \/>\n<meta property=\"og:site_name\" content=\"Colegio\" \/>\n<meta property=\"article:modified_time\" content=\"2026-04-09T16:40:30+00:00\" \/>\n<meta name=\"twitter:card\" content=\"summary_large_image\" \/>\n<meta name=\"twitter:label1\" content=\"Tiempo de lectura\" \/>\n\t<meta name=\"twitter:data1\" content=\"10 minutos\" \/>\n<script type=\"application\/ld+json\" class=\"yoast-schema-graph\">{\"@context\":\"https:\\\/\\\/schema.org\",\"@graph\":[{\"@type\":\"WebPage\",\"@id\":\"https:\\\/\\\/cadiz.salesianos.edu\\\/colegio\\\/infantil\\\/\",\"url\":\"https:\\\/\\\/cadiz.salesianos.edu\\\/colegio\\\/infantil\\\/\",\"name\":\"infantil - Colegio\",\"isPartOf\":{\"@id\":\"https:\\\/\\\/cadiz.salesianos.edu\\\/colegio\\\/#website\"},\"datePublished\":\"2021-03-09T10:55:46+00:00\",\"dateModified\":\"2026-04-09T16:40:30+00:00\",\"breadcrumb\":{\"@id\":\"https:\\\/\\\/cadiz.salesianos.edu\\\/colegio\\\/infantil\\\/#breadcrumb\"},\"inLanguage\":\"es\",\"potentialAction\":[{\"@type\":\"ReadAction\",\"target\":[\"https:\\\/\\\/cadiz.salesianos.edu\\\/colegio\\\/infantil\\\/\"]}]},{\"@type\":\"BreadcrumbList\",\"@id\":\"https:\\\/\\\/cadiz.salesianos.edu\\\/colegio\\\/infantil\\\/#breadcrumb\",\"itemListElement\":[{\"@type\":\"ListItem\",\"position\":1,\"name\":\"Portada\",\"item\":\"https:\\\/\\\/cadiz.salesianos.edu\\\/colegio\\\/\"},{\"@type\":\"ListItem\",\"position\":2,\"name\":\"infantil\"}]},{\"@type\":\"WebSite\",\"@id\":\"https:\\\/\\\/cadiz.salesianos.edu\\\/colegio\\\/#website\",\"url\":\"https:\\\/\\\/cadiz.salesianos.edu\\\/colegio\\\/\",\"name\":\"Colegio\",\"description\":\"P\u00e1gina oficial Salesianos C\u00e1diz\",\"potentialAction\":[{\"@type\":\"SearchAction\",\"target\":{\"@type\":\"EntryPoint\",\"urlTemplate\":\"https:\\\/\\\/cadiz.salesianos.edu\\\/colegio\\\/?s={search_term_string}\"},\"query-input\":{\"@type\":\"PropertyValueSpecification\",\"valueRequired\":true,\"valueName\":\"search_term_string\"}}],\"inLanguage\":\"es\"}]}<\/script>\n<!-- \/ Yoast SEO plugin. -->","yoast_head_json":{"title":"infantil - Colegio","robots":{"index":"index","follow":"follow","max-snippet":"max-snippet:-1","max-image-preview":"max-image-preview:large","max-video-preview":"max-video-preview:-1"},"canonical":"https:\/\/cadiz.salesianos.edu\/colegio\/infantil\/","og_locale":"es_ES","og_type":"article","og_title":"infantil - Colegio","og_description":"InfantilNuestro centro acoge el segundo ciclo de Educaci\u00f3n Infantil. Es una etapa concertada que consta de seis aulas distribuidas en tres cursos con dos l\u00edneas de tres, cuatro y cinco a\u00f1os. Esta etapa es muy importante para el crecimiento de los ni\u00f1os y ni\u00f1as en sus primeros a\u00f1os de vida y sobre todo para su [&hellip;]","og_url":"https:\/\/cadiz.salesianos.edu\/colegio\/infantil\/","og_site_name":"Colegio","article_modified_time":"2026-04-09T16:40:30+00:00","twitter_card":"summary_large_image","twitter_misc":{"Tiempo de lectura":"10 minutos"},"schema":{"@context":"https:\/\/schema.org","@graph":[{"@type":"WebPage","@id":"https:\/\/cadiz.salesianos.edu\/colegio\/infantil\/","url":"https:\/\/cadiz.salesianos.edu\/colegio\/infantil\/","name":"infantil - Colegio","isPartOf":{"@id":"https:\/\/cadiz.salesianos.edu\/colegio\/#website"},"datePublished":"2021-03-09T10:55:46+00:00","dateModified":"2026-04-09T16:40:30+00:00","breadcrumb":{"@id":"https:\/\/cadiz.salesianos.edu\/colegio\/infantil\/#breadcrumb"},"inLanguage":"es","potentialAction":[{"@type":"ReadAction","target":["https:\/\/cadiz.salesianos.edu\/colegio\/infantil\/"]}]},{"@type":"BreadcrumbList","@id":"https:\/\/cadiz.salesianos.edu\/colegio\/infantil\/#breadcrumb","itemListElement":[{"@type":"ListItem","position":1,"name":"Portada","item":"https:\/\/cadiz.salesianos.edu\/colegio\/"},{"@type":"ListItem","position":2,"name":"infantil"}]},{"@type":"WebSite","@id":"https:\/\/cadiz.salesianos.edu\/colegio\/#website","url":"https:\/\/cadiz.salesianos.edu\/colegio\/","name":"Colegio","description":"P\u00e1gina oficial Salesianos C\u00e1diz","potentialAction":[{"@type":"SearchAction","target":{"@type":"EntryPoint","urlTemplate":"https:\/\/cadiz.salesianos.edu\/colegio\/?s={search_term_string}"},"query-input":{"@type":"PropertyValueSpecification","valueRequired":true,"valueName":"search_term_string"}}],"inLanguage":"es"}]}},"_links":{"self":[{"href":"https:\/\/cadiz.salesianos.edu\/colegio\/wp-json\/wp\/v2\/pages\/4681","targetHints":{"allow":["GET"]}}],"collection":[{"href":"https:\/\/cadiz.salesianos.edu\/colegio\/wp-json\/wp\/v2\/pages"}],"about":[{"href":"https:\/\/cadiz.salesianos.edu\/colegio\/wp-json\/wp\/v2\/types\/page"}],"author":[{"embeddable":true,"href":"https:\/\/cadiz.salesianos.edu\/colegio\/wp-json\/wp\/v2\/users\/5"}],"replies":[{"embeddable":true,"href":"https:\/\/cadiz.salesianos.edu\/colegio\/wp-json\/wp\/v2\/comments?post=4681"}],"version-history":[{"count":26,"href":"https:\/\/cadiz.salesianos.edu\/colegio\/wp-json\/wp\/v2\/pages\/4681\/revisions"}],"predecessor-version":[{"id":6941,"href":"https:\/\/cadiz.salesianos.edu\/colegio\/wp-json\/wp\/v2\/pages\/4681\/revisions\/6941"}],"wp:attachment":[{"href":"https:\/\/cadiz.salesianos.edu\/colegio\/wp-json\/wp\/v2\/media?parent=4681"}],"curies":[{"name":"wp","href":"https:\/\/api.w.org\/{rel}","templated":true}]}}